{"id":1812,"date":"2015-12-30T12:34:44","date_gmt":"2015-12-30T12:34:44","guid":{"rendered":"http:\/\/dani-ecki.com\/?post_type=tribe_events&#038;p=1812"},"modified":"2015-12-30T12:37:28","modified_gmt":"2015-12-30T12:37:28","slug":"ci-day-jam-3","status":"publish","type":"tribe_events","link":"https:\/\/dani-ecki.com\/es\/event\/ci-day-jam-3\/","title":{"rendered":"CI Day Jam"},"content":{"rendered":"<p>Day jam<br \/>\nLe 17 octobre 2015 et 21 mai 2016, 10h -18h30<br \/>\nCentre chor\u00e9graphique Strasbourg, Studio Dunham<br \/>\n10 rue de Phalsbourg<\/p>\n<p>Pourquoi ?<br \/>\nCela fait un moment que nous songeons au sein de la Cie \u00e0 organiser un \u00e9v\u00e9nement de Contact Improvisation \u00e0 Strasbourg qui r\u00e9unirait de nombreux danseurs de Strasbourg, des environs et d\u2019ailleurs. Claire Hurpeau, danseuse tout r\u00e9cemment install\u00e9e en Alsace, a impuls\u00e9 l\u2019id\u00e9e de day jam \u00e0 Strasbourg, comme cela se pratique d\u00e9j\u00e0 dans d\u2019autres villes (Rennes, Grenoble\u2026). Claire sera d\u2019ailleurs \u00e0 nos c\u00f4t\u00e9s d\u00e8s la rentr\u00e9e pour partager son approche de cette pratique.<br \/>\nNous proposons donc pour la premi\u00e8re fois cette saison un cadre pour danser ensemble tout au long des journ\u00e9es du 17 octobre 2015 et du 21 mai 2016.<\/p>\n<p>A qui s\u2019adressent les day jams ?<br \/>\nQue vous dansiez depuis toujours, depuis peu ou pas encore, vous \u00eates les bienvenues !<br \/>\nVos envies et votre curiosit\u00e9 sont convi\u00e9es \u00e0 ce rendez-Vous. D\u00e8s votre arriv\u00e9e vous pouvez danser autant que vous le souhaitez, \u00e0 votre rythme, en prenant soin de votre confort, de votre s\u00e9curit\u00e9 et de celle des autres. Nous avons la chance d\u2019\u00eatre accueilli au Centre chor\u00e9graphique dans un grand et bel espace. A vous de choisir vos moments de pause en dehors de l\u2019espace de danse. Peut \u00eatre l\u2019envie de chanter ou de jouer de la musique vous gagne au courant de la journ\u00e9e. Vous aimez dessiner, \u00e9crire ?L\u00e0 aussi, sentez-vous libre de nourrir l\u2019espace de la Jam. Venez sans attente et laissez vous inspirer !<\/p>\n<p>Comment ?<br \/>\nLes portes du Centre Chor\u00e9graphiques ouvrent \u00e0 10h pour vous accueillir. C\u2019est aussi le moment des derni\u00e8res inscriptions. D\u2019avance, merci d\u2019arriver \u00e0 l\u2019heure pour ne pas empi\u00e9ter sur le temps de la Jam. Apr\u00e8s une petite introduction, nous d\u00e9marrons la journ\u00e9e avec une entr\u00e9e en jam propos\u00e9e par un danseur de la Cie (env. 45 minutes) puis la Jam est ouverte !<br \/>\nEntre 18h et 18h30 nous cl\u00f4turons la Jam par un temps d\u2019\u00e9change, et quittons l\u2019espace imp\u00e9rativement avant 19h.<\/p>\n<p>Manger et boire ?<br \/>\nTout au long de la journ\u00e9e, la Cie met \u00e0 disposition : gobelets, bouilloire, eau, th\u00e9, sucre, ainsi que quelques fruits et snacks.<br \/>\nPour la pause d\u00e9jeuner, ambiance \u00ab pique-nique \u00bb. Amenez votre repas \u00e0 partager ou pas.<br \/>\nMerci de penser \u00e0 vos couverts et assiettes.<\/p>\n<p>De quoi j\u2019ai besoin ?<br \/>\nDes v\u00eatements confortables pour danser et peut \u00eatre un t-shirt de rechange.<br \/>\nPour les amateurs de la sieste, pr\u00e9voyez de quoi vous couvrir. Il y a des tapis de yoga \u00e0 notre disposition au CCS.<\/p>\n<p>Quelles sont les modalit\u00e9s?<br \/>\nTarifs : 25 \u20ac \/ 20\u20ac*<br \/>\nInscription vivement conseill\u00e9e, \u00e0 partir du 14 septembre!<\/p>\n<p>Renseignement et inscription: dayjamstrasbourg@gmail.com<\/p>\n<p>Pour les participants venant de France, merci de nous envoyer un ch\u00e8que du montant correspondant \u00e0 destination de la Compagnie d\u00e9gad\u00e9zo.<\/p>\n<p>A l\u2019adresse :<br \/>\nClaire Hurpeau,<br \/>\n60 rue du Faubourg National<br \/>\n67000 Strasbourg<\/p>\n<p>Pour ceux qui viennent d\u2019autres pays, merci de pr\u00e9voir le montant de votre paiement en esp\u00e8ce \u00e0 votre arriv\u00e9e le 17 octobre.<\/p>\n<p>Lieu: Centre chor\u00e9graphique Strasbourg, 10 rue de Phalsbourg, Studio Dunham<\/p>\n<p>* tarif r\u00e9duit pour toutes les personnes d\u00e9j\u00e0 inscrites au CCS, les \u00e9tudiants et demandeurs d\u2019emploi.<br \/>\nLes \u00e9l\u00e8ves adolescents du CCV sont invit\u00e9s par la Cie (attention: places limit\u00e9s)<\/p>\n","protected":false},"excerpt":{"rendered":"<p>Day jam Le 17 octobre 2015 et 21 mai 2016, 10h -18h30 Centre chor\u00e9graphique Strasbourg, Studio Dunham 10 rue de Phalsbourg Pourquoi ? Cela fait un moment que nous songeons [&hellip;]<\/p>\n","protected":false},"author":4,"featured_media":0,"comment_status":"closed","ping_status":"closed","template":"","meta":{"_tribe_events_status":"","_tribe_events_status_reason":"","footnotes":""},"tags":[],"tribe_events_cat":[45],"class_list":["post-1812","tribe_events","type-tribe_events","status-publish","hentry","tribe_events_cat-ciedegadezo-2","cat_ciedegadezo-2"],"_links":{"self":[{"href":"https:\/\/dani-ecki.com\/es\/wp-json\/wp\/v2\/tribe_events\/1812","targetHints":{"allow":["GET"]}}],"collection":[{"href":"https:\/\/dani-ecki.com\/es\/wp-json\/wp\/v2\/tribe_events"}],"about":[{"href":"https:\/\/dani-ecki.com\/es\/wp-json\/wp\/v2\/types\/tribe_events"}],"author":[{"embeddable":true,"href":"https:\/\/dani-ecki.com\/es\/wp-json\/wp\/v2\/users\/4"}],"replies":[{"embeddable":true,"href":"https:\/\/dani-ecki.com\/es\/wp-json\/wp\/v2\/comments?post=1812"}],"version-history":[{"count":1,"href":"https:\/\/dani-ecki.com\/es\/wp-json\/wp\/v2\/tribe_events\/1812\/revisions"}],"predecessor-version":[{"id":1813,"href":"https:\/\/dani-ecki.com\/es\/wp-json\/wp\/v2\/tribe_events\/1812\/revisions\/1813"}],"wp:attachment":[{"href":"https:\/\/dani-ecki.com\/es\/wp-json\/wp\/v2\/media?parent=1812"}],"wp:term":[{"taxonomy":"post_tag","embeddable":true,"href":"https:\/\/dani-ecki.com\/es\/wp-json\/wp\/v2\/tags?post=1812"},{"taxonomy":"tribe_events_cat","embeddable":true,"href":"https:\/\/dani-ecki.com\/es\/wp-json\/wp\/v2\/tribe_events_cat?post=1812"}],"curies":[{"name":"wp","href":"https:\/\/api.w.org\/{rel}","templated":true}]}}