{"id":2701,"date":"2023-02-15T16:39:02","date_gmt":"2023-02-15T16:39:02","guid":{"rendered":"http:\/\/dani-ecki.com\/?post_type=tribe_events&#038;p=2701"},"modified":"2023-02-15T16:44:37","modified_gmt":"2023-02-15T16:44:37","slug":"ci-class-4","status":"publish","type":"tribe_events","link":"https:\/\/dani-ecki.com\/fr\/event\/ci-class-4\/","title":{"rendered":"CI atelier"},"content":{"rendered":"<p>Improvisation en danse<br \/>\nDialogues physiques, sensoriels et perceptifs\u2028<br \/>\nOuvert aux adultes \u2013 tous niveaux<br \/>\n3eme trimestre\u2028 avec Daniela Schwartz &#038; Eckhard M\u00fcller<\/p>\n<p>Mercredi de 20h \u00e0 22h<br \/>\n\u2028au Centre Chor\u00e9graphique de la Ville de Strasbourg,\u2028<br \/>\n10, rue de Phalsbourg, salle Dunham<\/p>\n<p>Quel plaisir de se retrouver pour vous proposer de d\u00e9velopper ensemble l\u2019\u00e9coute et le mouvement des corps \u00e0 partir du Contact Improvisation !\u2028<br \/>\nEn respectant le rythme de chacun, on ira progressivement de la rencontre perceptive \u00e0 la rencontre haptique avec la volont\u00e9 de garder un dialogue toujours ouvert.\u2028<br \/>\nA travers des propositions guid\u00e9es qui explorent les mouvements de l\u2019attention on entrera en dialogue avec le sol, les forces physiques, nos perceptions, nos sensations et nos imaginaires en contact avec un ou plusieurs corps.\u2028<br \/>\nQuelles seront les danses qui \u00e9mergeront de ces corps autrement disponibles ?<\/p>\n<p>Atelier les mercredis de 20h \u00e0 22h<br \/>\n\u2028les 15, 22 et 29 mars<br \/>\nLe 5 avril\u2028<br \/>\nles 3, 10, 17, 24 et 31 mai\u2028<br \/>\nles 7, 14 et 21 juin 2023<\/p>\n<p>Tarifs\u2028<br \/>\nau trimestre 144\u20ac \/ tarif r\u00e9duit 120\u20ac\u2028<br \/>\n\u00e0 la s\u00e9ance 18\u20ac \/ tarif r\u00e9duit 15\u20ac\u2028<br \/>\nAdh\u00e9sion \/ cours d\u2019essai 10\u20ac (le cours d\u2019essai vaut pour adh\u00e9sion)<\/p>\n<p>Renseignements et inscriptions\u2028<br \/>\nPour une inscription avant le cours, merci de nous contacter par email dayjamstrasbourg@gmail.com<br \/>\nPour l\u2019inscription sur place, merci de venir 15 minutes avant le d\u00e9but de la s\u00e9ance.<br \/>\nTout r\u00e8glement se fait sur place par ch\u00e8que ou en esp\u00e8ces.<\/p>\n<p>Fleurissons dans la danse!<br \/>\ndani-ecki pour la cie d\u00e9gad\u00e9zo<\/p>","protected":false},"excerpt":{"rendered":"<p>Improvisation en danse Dialogues physiques, sensoriels et perceptifs\u2028 Ouvert aux adultes \u2013 tous niveaux 3eme trimestre\u2028 avec Daniela Schwartz &#038; Eckhard M\u00fcller Mercredi de 20h \u00e0 22h \u2028au Centre Chor\u00e9graphique [&hellip;]<\/p>\n","protected":false},"author":4,"featured_media":0,"comment_status":"closed","ping_status":"closed","template":"","meta":{"_tribe_events_status":"","_tribe_events_status_reason":"","footnotes":""},"tags":[],"tribe_events_cat":[45],"class_list":["post-2701","tribe_events","type-tribe_events","status-publish","hentry","tribe_events_cat-ciedegadezo-2","cat_ciedegadezo-2"],"_links":{"self":[{"href":"https:\/\/dani-ecki.com\/fr\/wp-json\/wp\/v2\/tribe_events\/2701","targetHints":{"allow":["GET"]}}],"collection":[{"href":"https:\/\/dani-ecki.com\/fr\/wp-json\/wp\/v2\/tribe_events"}],"about":[{"href":"https:\/\/dani-ecki.com\/fr\/wp-json\/wp\/v2\/types\/tribe_events"}],"author":[{"embeddable":true,"href":"https:\/\/dani-ecki.com\/fr\/wp-json\/wp\/v2\/users\/4"}],"replies":[{"embeddable":true,"href":"https:\/\/dani-ecki.com\/fr\/wp-json\/wp\/v2\/comments?post=2701"}],"version-history":[{"count":2,"href":"https:\/\/dani-ecki.com\/fr\/wp-json\/wp\/v2\/tribe_events\/2701\/revisions"}],"predecessor-version":[{"id":2703,"href":"https:\/\/dani-ecki.com\/fr\/wp-json\/wp\/v2\/tribe_events\/2701\/revisions\/2703"}],"wp:attachment":[{"href":"https:\/\/dani-ecki.com\/fr\/wp-json\/wp\/v2\/media?parent=2701"}],"wp:term":[{"taxonomy":"post_tag","embeddable":true,"href":"https:\/\/dani-ecki.com\/fr\/wp-json\/wp\/v2\/tags?post=2701"},{"taxonomy":"tribe_events_cat","embeddable":true,"href":"https:\/\/dani-ecki.com\/fr\/wp-json\/wp\/v2\/tribe_events_cat?post=2701"}],"curies":[{"name":"wp","href":"https:\/\/api.w.org\/{rel}","templated":true}]}}